{"id":44,"date":"2014-10-25T09:54:46","date_gmt":"2014-10-25T08:54:46","guid":{"rendered":"http:\/\/orleans-tours.udppc.asso.fr\/OT\/?page_id=44"},"modified":"2014-12-13T18:33:04","modified_gmt":"2014-12-13T17:33:04","slug":"jpc2009","status":"publish","type":"page","link":"https:\/\/udppc-jpc-orleans-tours.fr\/OT\/jpc2009\/","title":{"rendered":"JPC2009 ORLEANS"},"content":{"rendered":"<p><span style=\"color: #ff0000;\"><strong>Mercredic 25 mars 2009<\/strong> <\/span>:<strong><span style=\"color: #0000ff;\"> Universit\u00e9 d&rsquo;Orl\u00e9ans<\/span><\/strong><\/p>\n<p><span style=\"color: #ff0000;\"><a style=\"color: #ff0000;\" title=\"Polytech\" href=\"https:\/\/udppc-jpc-orleans-tours.fr\/OT\/wp-content\/uploads\/2014\/10\/Polytech.ppt\" target=\"_blank\"><strong>\u00ab Pr\u00e9sentation de Polytech \u00bb par Mme la Directrice <em>(Anne-Marie Jolly).<\/em><\/strong><\/a><\/span><\/p>\n<p><span style=\"color: #008000;\"><strong>Conf\u00e9rence n\u00b01 :<\/strong><span style=\"color: #ff0000;\"><a style=\"color: #ff0000;\" title=\"Conf\u00e9rence n\u00b01-JPC2009\" href=\"https:\/\/udppc-jpc-orleans-tours.fr\/OT\/wp-content\/uploads\/jpc2011\/moteur.ppt\" target=\"_blank\"><strong> Le moteur thermique <em>(Pascal. HIGELIN <\/em><\/strong>laboratoire PRISME- Orl\u00e9ans<strong>)<\/strong><\/a><\/span><\/span><\/p>\n<p><span style=\"color: #008000;\"><strong>Conf\u00e9rence n\u00b02 : <\/strong><span style=\"color: #ff0000;\"><a style=\"color: #ff0000;\" title=\"Conf\u00e9rence n\u00b02-JPC2009\" href=\"https:\/\/udppc-jpc-orleans-tours.fr\/OT\/wp-content\/uploads\/jpc2010\/CO2.pdf\" target=\"_blank\"><strong>R\u00e9duction de la pollution par plasma-catalyse: cas des Compos\u00e9s Organiques Volatils\u00a0 <\/strong><strong><strong>(COV) et des Oxydes d&rsquo;Azote (NOx)\u00a0\u00bb <em>(Ahmed. KHACEF <\/em><\/strong>laboratoire GREMI- Orl\u00e9ans<strong><em>)<\/em>.<\/strong><\/strong><\/a><\/span><\/span><\/p>\n<p><span style=\"color: #800080;\"><strong>Visite de laboratoires :<\/strong><\/span><\/p>\n<ul>\n<li><span style=\"color: #800080;\"><strong>GREMI <\/strong><em>:Groupe de Recherches sur l&rsquo;Energ\u00e9tique des Milieux Ionis\u00e9s.<\/em><em>tubes fluorescents, interactions laser-mat\u00e9riaux, plasmas basse et haute pressions, propulsion spatiale, rayonnement et sources \u00e9nerg\u00e9tiques, plasmas d&rsquo;arc et d&rsquo;allumage, chimie plasma, mat\u00e9riaux en couches minces (applications piles \u00e0 combustibles, photovoltaique)..<\/em><\/span><\/li>\n<\/ul>\n<ul>\n<li><span style=\"color: #800080;\"><strong>PRISME <\/strong><em>: Institut Pluridisciplinaire de Recherche en Ing\u00e9nierie des S<\/em><em>yst\u00e8mes, M\u00e9canique et Energ\u00e9tique.<\/em>Images et signaux pour les syst\u00e8mes (applications biom\u00e9dicales), analyses spectrales en temps r\u00e9el, filtrage num\u00e9rique (t\u00e9l\u00e9com)<\/span><\/li>\n<\/ul>\n<ul>\n<li><span style=\"color: #800080;\"><strong>PRISME : <\/strong>Moteurs \u00e0 combustion interne, biocarburants et polluants, syst\u00e8mes a\u00e9rodynamiques \u00e0 rotors, contr\u00f4le des \u00e9coulements, mise en forme de composites, thermom\u00e9canique de mat\u00e9riaux r\u00e9fractaires, biom\u00e9canique&#8230;<\/span><\/li>\n<\/ul>\n<ul>\n<li><span style=\"color: #800080;\"><strong>C<\/strong><strong>entre-sciences <\/strong><em>; visite des nouveaux locaux de centre-sciences utilisant des \u00e9nergies renouvelables (pompe \u00e0 chaleur, toit v\u00e9g\u00e9talis\u00e9)<\/em><\/span><\/li>\n<\/ul>\n<p><strong><span style=\"color: #ff0000;\">Jeud 26 mars 2009<\/span> <\/strong>:<strong><span style=\"color: #0000ff;\"> Universit\u00e9 d&rsquo;Orl\u00e9ans<br \/>\n<\/span><\/strong><\/p>\n<p><span style=\"color: #008000;\"><strong>Conf\u00e9rence n\u00b03 :\u00a0<\/strong><span style=\"color: #ff0000;\"><a style=\"color: #ff0000;\" title=\"Conf\u00e9rence n\u00b03-JPC2009\" href=\"https:\/\/udppc-jpc-orleans-tours.fr\/OT\/wp-content\/uploads\/2014\/10\/pile_h.ppt\" target=\"_blank\"><strong>Du nouveau du cot\u00e9 des piles \u00e0 combustible! <\/strong>(<strong><em>Pascal BRAULT<\/em><\/strong>:GREMI- Orl\u00e9ans).<\/a><\/span><\/span><\/p>\n<p style=\"padding-left: 120px;\"><span style=\"color: #ff0000;\"><a style=\"color: #ff0000;\" title=\"Pile \u00e0 Hydrog\u00e8ne\" href=\"https:\/\/udppc-jpc-orleans-tours.fr\/OT\/wp-content\/uploads\/2014\/10\/principe-pileH.ppt\" target=\"_blank\">Principe de base des piles \u00e0 combustibles<\/a><\/span><\/p>\n<p><span style=\"color: #008000;\"><strong>Conf\u00e9rence n\u00b04\u00a0 :\u00a0 <span style=\"color: #ff0000;\"><a style=\"color: #ff0000;\" title=\"Conf\u00e9rence n\u00b04-JPC2009\" href=\"https:\/\/udppc-jpc-orleans-tours.fr\/OT\/wp-content\/uploads\/2014\/10\/nrj_eolienne.ppt\" target=\"_blank\">\u00c9nergie \u00e9olienne : pourquoi \u00e7a marche ? <\/a><\/span><\/strong><span style=\"color: #ff0000;\"><a style=\"color: #ff0000;\" title=\"Conf\u00e9rence n\u00b04-JPC2009\" href=\"https:\/\/udppc-jpc-orleans-tours.fr\/OT\/wp-content\/uploads\/2014\/10\/nrj_eolienne.ppt\" target=\"_blank\">(<strong><em>Sandrine AUBRUN<\/em><\/strong>: PRISME-Orl\u00e9ans)<\/a><\/span><\/span><\/p>\n<p><span style=\"color: #008000;\">\u00a0<strong>Conf\u00e9rence n\u00b05 : <span style=\"color: #ff0000;\"><a style=\"color: #ff0000;\" title=\"Conf\u00e9rence n\u00b05-JPC2009\" href=\"https:\/\/udppc-jpc-orleans-tours.fr\/OT\/wp-content\/uploads\/2014\/10\/eclairage.ppt\" target=\"_blank\">Quantifier l&rsquo;\u00e9clairage : unit\u00e9s de mesures et efficacit\u00e9 \u00e9nerg\u00e9tique (<em>Christophe CACHONCINLLE <\/em>\u2013 <\/a><\/span><\/strong><span style=\"color: #ff0000;\"><a style=\"color: #ff0000;\" title=\"Conf\u00e9rence n\u00b05-JPC2009\" href=\"https:\/\/udppc-jpc-orleans-tours.fr\/OT\/wp-content\/uploads\/2014\/10\/eclairage.ppt\" target=\"_blank\">GREMI Orl\u00e9ans avec le parrainage de l&rsquo;A.F.E.<strong>)<\/strong><\/a><\/span><\/span><\/p>\n<p><strong><span style=\"color: #800080;\">Ateliers p\u00e9dagogiques :<\/span><\/strong><\/p>\n<ul>\n<li><span style=\"color: #800080;\"><em>Liaison lyc\u00e9e enseignement sup\u00e9rieur<\/em> <em>et visite des salles de TP d\u2019\u00e9lectronique et d\u2019optique de Polytech.\u00a0 <\/em><em>Th\u00e8me des \u00e9changes <\/em><em>: Qui sont les lyc\u00e9ens int\u00e9grant les \u00e9coles d\u2019ing\u00e9nieur? Quels \u00e9tudiants deviennent-ils ? Quelles sont leurs difficult\u00e9s, leurs objectifs ? Pour quels m\u00e9tiers ?<\/em><\/span><\/li>\n<\/ul>\n<ul>\n<li><span style=\"color: #800080;\"><em>Liaison coll\u00e8ge lyc\u00e9e.\u00a0 <\/em><em>Th\u00e8me des \u00e9changes <\/em><em>: D\u00e9marche d\u2019investigation en science, socle commun, B2I .. pour de nouveaux coll\u00e9giens ? Qui seront les nouveaux lyc\u00e9ens ?<\/em><\/span><\/li>\n<\/ul>\n<ul>\n<li><span style=\"color: #800080;\"><em>Animation autour de l\u2019exposition d\u2019astronomie<\/em> <em>par Dani\u00e8le Maurel (membre du CLEA,comit\u00e9 de liaison Enseignants Astronomes) <\/em>\u00ab Le syst\u00e8me solaire et au-del\u00e0 : les distances du plus pr\u00e8s au plus loin \u00bb. <\/span><\/li>\n<\/ul>\n<ul>\n<li><span style=\"color: #ff0000;\"><a style=\"color: #ff0000;\" title=\"Radiotelescope\" href=\"https:\/\/udppc-jpc-orleans-tours.fr\/OT\/wp-content\/uploads\/2014\/10\/radiotelescope.ppt\" target=\"_blank\"><em>Pr\u00e9sentation de la mallette radiot\u00e9lescope par Bertrand Flouret ( Radiot\u00e9lescope de Nancay)<\/em><\/a><\/span><\/li>\n<\/ul>\n<ul>\n<li><span style=\"color: #800080;\"><em>Manipulations de g\u00e9nie chimique, RMN, \u2026 \u00e0 l\u2019IUT de Chimie.<\/em><\/span><\/li>\n<\/ul>\n<ul>\n<li><span style=\"color: #800080;\"><em>Quel accompagnement pour les \u00e9l\u00e8ves de seconde ?<\/em><\/span><\/li>\n<\/ul>\n","protected":false},"excerpt":{"rendered":"<p>Mercredic 25 mars 2009 : Universit\u00e9 d&rsquo;Orl\u00e9ans \u00ab Pr\u00e9sentation de Polytech \u00bb par Mme la Directrice (Anne-Marie Jolly). Conf\u00e9rence n\u00b01 : Le moteur thermique (Pascal. HIGELIN laboratoire PRISME- Orl\u00e9ans) Conf\u00e9rence n\u00b02 : R\u00e9duction de la pollution par plasma-catalyse: cas des Compos\u00e9s Organiques Volatils\u00a0 (COV) et des Oxydes d&rsquo;Azote (NOx)\u00a0\u00bb (Ahmed. KHACEF laboratoire GREMI- Orl\u00e9ans). Visite de laboratoires : GREMI :Groupe<\/p>\n","protected":false},"author":1,"featured_media":0,"parent":0,"menu_order":0,"comment_status":"closed","ping_status":"open","template":"","meta":{"footnotes":""},"class_list":["post-44","page","type-page","status-publish","hentry"],"_links":{"self":[{"href":"https:\/\/udppc-jpc-orleans-tours.fr\/OT\/wp-json\/wp\/v2\/pages\/44","targetHints":{"allow":["GET"]}}],"collection":[{"href":"https:\/\/udppc-jpc-orleans-tours.fr\/OT\/wp-json\/wp\/v2\/pages"}],"about":[{"href":"https:\/\/udppc-jpc-orleans-tours.fr\/OT\/wp-json\/wp\/v2\/types\/page"}],"author":[{"embeddable":true,"href":"https:\/\/udppc-jpc-orleans-tours.fr\/OT\/wp-json\/wp\/v2\/users\/1"}],"replies":[{"embeddable":true,"href":"https:\/\/udppc-jpc-orleans-tours.fr\/OT\/wp-json\/wp\/v2\/comments?post=44"}],"version-history":[{"count":6,"href":"https:\/\/udppc-jpc-orleans-tours.fr\/OT\/wp-json\/wp\/v2\/pages\/44\/revisions"}],"predecessor-version":[{"id":248,"href":"https:\/\/udppc-jpc-orleans-tours.fr\/OT\/wp-json\/wp\/v2\/pages\/44\/revisions\/248"}],"wp:attachment":[{"href":"https:\/\/udppc-jpc-orleans-tours.fr\/OT\/wp-json\/wp\/v2\/media?parent=44"}],"curies":[{"name":"wp","href":"https:\/\/api.w.org\/{rel}","templated":true}]}}