{"id":42,"date":"2014-10-25T09:54:30","date_gmt":"2014-10-25T08:54:30","guid":{"rendered":"http:\/\/orleans-tours.udppc.asso.fr\/OT\/?page_id=42"},"modified":"2014-12-13T19:09:02","modified_gmt":"2014-12-13T18:09:02","slug":"jpc2010","status":"publish","type":"page","link":"https:\/\/udppc-jpc-orleans-tours.fr\/OT\/jpc2010\/","title":{"rendered":"JPC2010 ORLEANS"},"content":{"rendered":"<p><span style=\"color: #ff0000;\"><strong>Mercredi 31 mars 2010<\/strong> <\/span>:<strong><span style=\"color: #0000ff;\"> Polytech Orl\u00e9ans (Amphi turing)<br \/>\n<\/span><\/strong><\/p>\n<p><strong><span style=\"color: #008000;\">Conf\u00e9rence n\u00b01 : <a title=\"Biocarburants de 2\u00e8me g\u00e9n\u00e9rations\" href=\"https:\/\/udppc-jpc-orleans-tours.fr\/OT\/wp-content\/uploads\/jpc2010\/biocarburant.ppt\" target=\"_blank\"><span style=\"color: #ff0000;\">\u00a0\u00bb les biocarburants de 2\u00e8me g\u00e9n\u00e9rations\u00a0\u00bb &#8211; Laurent Catoire, Professeur \u00e0 l&rsquo;UFR Sciences &#8211; Universit\u00e9 d&rsquo;Orl\u00e9ans<\/span><\/a><\/span><\/strong><\/p>\n<p><strong><span style=\"color: #008000;\">Conf\u00e9rence n\u00b02 : <span style=\"color: #ff0000;\">\u00a0\u00bb L&rsquo;hydrog\u00e8ne : vecteur d&rsquo;\u00e9nergie et carburant plus propre et plus s\u00fbr\u00a0\u00bb &#8211; Nabiha Chaumeix, Directrice de recherche au CNRS &#8211; Laboratoire : Institut de Combustion et Syst\u00e8mes R\u00e9actifs, unit\u00e9 propre du CNRS \u00e0 Orl\u00e9ans.<\/span><\/span><\/strong><\/p>\n<p><span style=\"color: #800080;\"><strong>Visite de laboratoires :<\/strong><\/span><\/p>\n<ul>\n<li><span style=\"color: #800080;\"><strong>GREMI <\/strong><em>:Groupe de Recherches sur l&rsquo;Energ\u00e9tique des Milieux Ionis\u00e9s.<\/em><em>tubes fluorescents, interactions laser-mat\u00e9riaux, plasmas basse et haute pressions, propulsion spatiale, rayonnement et sources \u00e9nerg\u00e9tiques, plasmas d&rsquo;arc et d&rsquo;allumage, chimie plasma, mat\u00e9riaux en couches minces (applications piles \u00e0 combustibles, photovoltaique)..<\/em><\/span><\/li>\n<\/ul>\n<ul>\n<li><span style=\"color: #800080;\"><strong>PRISME <\/strong><em>: Institut Pluridisciplinaire de Recherche en Ing\u00e9nierie des S<\/em><em>yst\u00e8mes, M\u00e9canique et Energ\u00e9tique.<\/em>Images et signaux pour les syst\u00e8mes (applications biom\u00e9dicales), analyses spectrales en temps r\u00e9el, filtrage num\u00e9rique (t\u00e9l\u00e9com)<\/span><\/li>\n<\/ul>\n<ul>\n<li><span style=\"color: #800080;\"><strong>PRISME : <\/strong>Moteurs \u00e0 combustion interne, biocarburants et polluants, syst\u00e8mes a\u00e9rodynamiques \u00e0 rotors, contr\u00f4le des \u00e9coulements, mise en forme de composites, thermom\u00e9canique de mat\u00e9riaux r\u00e9fractaires, biom\u00e9canique&#8230;<\/span><\/li>\n<\/ul>\n<ul>\n<li><span style=\"color: #800080;\"><strong>C<\/strong><strong>entre-sciences <\/strong><em>; visite des nouveaux locaux de centre-sciences utilisant des \u00e9nergies renouvelables (pompe \u00e0 chaleur, toit v\u00e9g\u00e9talis\u00e9)<\/em><\/span><\/li>\n<li><strong><span style=\"color: #800080;\">Laboratoire de l&rsquo;IUT de Chimie<\/span><\/strong><\/li>\n<li><strong><span style=\"color: #800080;\">Laboratoires LPC2E du CNRS d\u2019Orl\u00e9ans <\/span><\/strong><\/li>\n<li><span style=\"color: #800080;\"><strong>Visite de l\u2019entreprise Maquet (\u00e9clairage des blocs op\u00e9ratoires)<\/strong> <\/span><\/li>\n<\/ul>\n<p><strong><span style=\"color: #800080;\">Atelier : <\/span><\/strong><\/p>\n<p>&nbsp;<\/p>\n<ul>\n<li><strong><span style=\"color: #800080;\">Les sciences exp\u00e9rimentales \u00e0 l\u2019\u00e9cole \u00e9l\u00e9mentaire : Alain ROBERT<\/span><\/strong><\/li>\n<\/ul>\n<p>&nbsp;<\/p>\n<p><span style=\"color: #008000;\"><strong>Conf\u00e9rence n\u00b03 : \u00a0\u00bb Vin et culture de la vigne\u00a0\u00bb &#8211; Pascal Bouyssou, IUT d\u2019Orl\u00e9ans &#8211; D\u00e9partement de Chimie \/ Institut de Chimie Organique et Analytique (ICOA)<br \/>\n<\/strong><\/span><\/p>\n<p><strong><span style=\"color: #ff0000;\">Jeud 1 avril 2010<\/span> <\/strong>:<strong><span style=\"color: #0000ff;\"> Polytech Orl\u00e9ans (Amphi turing)<br \/>\n<\/span><\/strong><\/p>\n<p><strong><span style=\"color: #008000;\">Conf\u00e9rence n\u00b04 : <a title=\"Empreinte Ecologique\" href=\"https:\/\/udppc-jpc-orleans-tours.fr\/OT\/wp-content\/uploads\/jpc2010\/Empreinte.ppt\" target=\"_blank\"><span style=\"color: #ff0000;\">\u00a0\u00bb le concept d&#8217;empreinte \u00e9cologique\u00a0\u00bb &#8211; Lo\u00efc Tessier,\u00a0 Institut Universitaire de Technologie de Blois (IUT Blois) &#8211; D\u00e9partement de Science et G\u00e9nie des Mat\u00e9riaux (SGM)<\/span><\/a><\/span><\/strong><\/p>\n<p><a title=\"Empreinte Ecologique\" href=\"https:\/\/udppc-jpc-orleans-tours.fr\/OT\/wp-content\/uploads\/jpc2010\/Empreinte.ppt\" target=\"_blank\"><span style=\"color: #ff0000;\"><strong>\u00a0<\/strong><\/span><\/a><\/p>\n<p><strong><span style=\"color: #008000;\">Conf\u00e9rence n\u00b05\u00a0 : <span style=\"color: #ff0000;\"><a style=\"color: #ff0000;\" title=\"Captage et stockage du CO2\" href=\"https:\/\/udppc-jpc-orleans-tours.fr\/OT\/wp-content\/uploads\/jpc2010\/CO2.pdf\" target=\"_blank\">\u00ab\u00a0le captage et le stockage de CO2 : un recours n\u00e9cessaire pour lutter contre le r\u00e9chauffement climatique\u00a0\u00bb &#8211; Isabelle Czernichowski-Lauriol ,\u00a0BRGM \u2013 Service Eau &#8211; Chef de projet sur le stockage de CO2<\/a><\/span><\/span><\/strong><\/p>\n<p><strong><span style=\"color: #008000;\">\u00a0<\/span><\/strong><\/p>\n<p><span style=\"color: #008000;\"><strong>Conf\u00e9rence n\u00b06 : <a title=\"La fin d'un cycle solaire\" href=\"https:\/\/udppc-jpc-orleans-tours.fr\/OT\/wp-content\/uploads\/jpc2010\/Soleil.pdf\" target=\"_blank\"><span style=\"color: #ff0000;\">\u00ab\u00a0la fin d&rsquo;un cycle solaire exceptionnel\u00a0\u00bb\u00a0 &#8211; Thierry Dudok de Wit,\u00a0 Laboratoire de Physique et Chimie de l&rsquo;Environnement et de l&rsquo;Espace (LPC2E)<\/span><\/a><\/strong><\/span><\/p>\n<p><a title=\"Spectre du soleil\" href=\"https:\/\/udppc-jpc-orleans-tours.fr\/OT\/wp-content\/uploads\/jpc2010\/sun_multispectral_fr_med.mov\" target=\"_blank\"><span style=\"color: #ff0000;\">\u00a0\u00a0\u00a0\u00a0\u00a0\u00a0\u00a0\u00a0\u00a0\u00a0\u00a0\u00a0\u00a0\u00a0\u00a0\u00a0\u00a0\u00a0\u00a0\u00a0\u00a0\u00a0\u00a0\u00a0\u00a0\u00a0\u00a0\u00a0\u00a0\u00a0 Vid\u00e9o : le soleil vu dans diff\u00e9rentes longueurs d&rsquo;ondes<\/span><\/a><\/p>\n<p><span style=\"color: #800080;\"><strong>Ateliers<\/strong> p\u00e9dagogiques :<\/span><\/p>\n<ul style=\"list-style-type: square;\">\n<li><a title=\"Nouvel \u00e9tiquetage\" href=\"https:\/\/udppc-jpc-orleans-tours.fr\/OT\/wp-content\/uploads\/jpc2010\/nouvel_etiquetage.zip\"><span style=\"color: #ff0000;\"><strong>\u00c9tiquetage des produits chimiques et nouvelle r\u00e9glementation<\/strong> par Florent PANNETIER et Pascal BOUYSSOU<\/span><\/a><\/li>\n<\/ul>\n<ul style=\"list-style-type: square;\">\n<li><a title=\"Projets\" href=\"https:\/\/udppc-jpc-orleans-tours.fr\/OT\/wp-content\/uploads\/jpc2010\/STI.ppt\" target=\"_blank\"><span style=\"color: #ff0000;\"><strong>Exemples de d\u00e9marche de projets<\/strong> (Chrisitane SELLIER, Marie-Christine BAURRIER et Mich\u00e8le DESPREZ) : projet \u00e9clairage en classe de seconde, travaux de l\u2019IRES d\u2019Orl\u00e9ans : approche \u00e9nerg\u00e9tique de l\u2019\u00e9clairage pour les classes de STI, co\u00fbt \u00e9nerg\u00e9tique de la lyophilisation, Ateliers scientifiques au lyc\u00e9e<\/span><\/a><\/li>\n<\/ul>\n<ul style=\"list-style-type: square;\">\n<li><span style=\"color: #800080;\"><strong>Evaluation par comp\u00e9tence au coll\u00e8ge<\/strong> par Jacques CATTELIN et Murielle SABATIER<\/span><\/li>\n<li><span style=\"color: #800080;\"><strong>Histoires des sciences<\/strong> :Cabinet de physique de Sigaud de Lafond par Jacques CATTELIN, Catherine ORIONE et Christelle LANGRAND<\/span><\/li>\n<\/ul>\n<ul style=\"list-style-type: square;\">\n<li><span style=\"color: #800080;\"><strong>Manipulation des doctorants dans le cadre de projets de culture scientifique \u00e0 destination des \u00e9l\u00e8ves des lyc\u00e9es et coll\u00e8ges<\/strong> : \u00ab\u00a0combustion du biogaz\u00a0\u00bb, \u00ab\u00a0recherche en astronomie et l\u2019observation spatiale \u00bb par Alexis MATYNIA et Dalal AIT ALLAL<\/span><\/li>\n<\/ul>\n","protected":false},"excerpt":{"rendered":"<p>Mercredi 31 mars 2010 : Polytech Orl\u00e9ans (Amphi turing) Conf\u00e9rence n\u00b01 : \u00a0\u00bb les biocarburants de 2\u00e8me g\u00e9n\u00e9rations\u00a0\u00bb &#8211; Laurent Catoire, Professeur \u00e0 l&rsquo;UFR Sciences &#8211; Universit\u00e9 d&rsquo;Orl\u00e9ans Conf\u00e9rence n\u00b02 : \u00a0\u00bb L&rsquo;hydrog\u00e8ne : vecteur d&rsquo;\u00e9nergie et carburant plus propre et plus s\u00fbr\u00a0\u00bb &#8211; Nabiha Chaumeix, Directrice de recherche au CNRS &#8211; Laboratoire : Institut de Combustion et Syst\u00e8mes R\u00e9actifs,<\/p>\n","protected":false},"author":1,"featured_media":0,"parent":0,"menu_order":0,"comment_status":"closed","ping_status":"open","template":"","meta":{"footnotes":""},"class_list":["post-42","page","type-page","status-publish","hentry"],"_links":{"self":[{"href":"https:\/\/udppc-jpc-orleans-tours.fr\/OT\/wp-json\/wp\/v2\/pages\/42","targetHints":{"allow":["GET"]}}],"collection":[{"href":"https:\/\/udppc-jpc-orleans-tours.fr\/OT\/wp-json\/wp\/v2\/pages"}],"about":[{"href":"https:\/\/udppc-jpc-orleans-tours.fr\/OT\/wp-json\/wp\/v2\/types\/page"}],"author":[{"embeddable":true,"href":"https:\/\/udppc-jpc-orleans-tours.fr\/OT\/wp-json\/wp\/v2\/users\/1"}],"replies":[{"embeddable":true,"href":"https:\/\/udppc-jpc-orleans-tours.fr\/OT\/wp-json\/wp\/v2\/comments?post=42"}],"version-history":[{"count":16,"href":"https:\/\/udppc-jpc-orleans-tours.fr\/OT\/wp-json\/wp\/v2\/pages\/42\/revisions"}],"predecessor-version":[{"id":255,"href":"https:\/\/udppc-jpc-orleans-tours.fr\/OT\/wp-json\/wp\/v2\/pages\/42\/revisions\/255"}],"wp:attachment":[{"href":"https:\/\/udppc-jpc-orleans-tours.fr\/OT\/wp-json\/wp\/v2\/media?parent=42"}],"curies":[{"name":"wp","href":"https:\/\/api.w.org\/{rel}","templated":true}]}}